{"id":10,"date":"2019-01-16T22:55:08","date_gmt":"2019-01-16T21:55:08","guid":{"rendered":"https:\/\/dengodehyrde.katolsk.no\/?page_id=10"},"modified":"2020-07-10T12:04:34","modified_gmt":"2020-07-10T10:04:34","slug":"om-oss","status":"publish","type":"page","link":"https:\/\/dengodehyrde.katolsk.no\/index.php\/om-oss\/","title":{"rendered":"Om katekesen"},"content":{"rendered":"\n<p><strong>Hva kjennetegner Den gode\nhyrde-katekesen?<\/strong><\/p>\n\n\n\n<p>M\u00e5let for denne katekesen er \u00e5 hjelpe barna til selv \u00e5 komme\nn\u00e6rmere Gud.<\/p>\n\n\n\n<p>Barna f\u00e5r n\u00e6rme seg troens mysterier i sitt eget tempo. De\nf\u00e5r presentert emner fra Bibelen og liturgien ved hjelp av h\u00e5ndlaget materiell\nsom er spesielt tilrettelagt for deres aldersgruppe. <\/p>\n\n\n\n<p>Barna f\u00e5r s\u00e5 velge \u00e5 arbeide videre med materiellet og innholdet\np\u00e5 forskjellige m\u00e5ter under kateketenes veiledning.<\/p>\n\n\n\n<p>Jesus som Den gode hyrde og v\u00e5rt m\u00f8te med ham i eukaristien\nhar en s\u00e6rstilling i katekesen. Erfaringene som barna gj\u00f8r i atriet forbereder\ndem til dypere deltakelse i det liturgiske livet.<\/p>\n\n\n\n<figure class=\"wp-block-image\"><img loading=\"lazy\" decoding=\"async\" width=\"1000\" height=\"750\" src=\"https:\/\/dengodehyrde.katolsk.no\/wp-content\/uploads\/2019\/08\/tn_The-last-supper.jpg\" alt=\"\" class=\"wp-image-94\" srcset=\"https:\/\/dengodehyrde.katolsk.no\/wp-content\/uploads\/2019\/08\/tn_The-last-supper.jpg 1000w, https:\/\/dengodehyrde.katolsk.no\/wp-content\/uploads\/2019\/08\/tn_The-last-supper-300x225.jpg 300w, https:\/\/dengodehyrde.katolsk.no\/wp-content\/uploads\/2019\/08\/tn_The-last-supper-768x576.jpg 768w, https:\/\/dengodehyrde.katolsk.no\/wp-content\/uploads\/2019\/08\/tn_The-last-supper-400x300.jpg 400w\" sizes=\"auto, (max-width: 1000px) 100vw, 1000px\" \/><\/figure>\n\n\n\n<p><strong>Atriet<\/strong><\/p>\n\n\n\n<p>Rommet der\nkatekesen foreg\u00e5r, kaller vi atriet. Dette er et rom som er spesielt\ntilrettelagt for barna og deres m\u00f8te med Gud. Her vil vi gi dem plass, tid og\nro til \u00e5 vokse i sitt forhold til Gud. <\/p>\n\n\n\n<p>B\u00f8nnen\nhar en helt sentral plass i katekesen, og et hj\u00f8rne av atriet er viet spesielt\ntil b\u00f8nnested. Her samles vi blant annet til liturgisk b\u00f8nn og song, ofte ledet\nav barna selv. <\/p>\n\n\n\n<p>Atriet er preget av en god ro der barna arbeider alene eller i samarbeid med andre, avhengig av alder og deres valg av arbeid. <br>Barna m\u00f8tes regelmessig, helst hver uke, og samlingen varer i ca 2 timer.<\/p>\n\n\n\n<figure class=\"wp-block-image\"><img loading=\"lazy\" decoding=\"async\" width=\"1000\" height=\"750\" src=\"https:\/\/dengodehyrde.katolsk.no\/wp-content\/uploads\/2019\/08\/tn_SAM_0984.jpg\" alt=\"\" class=\"wp-image-92\" srcset=\"https:\/\/dengodehyrde.katolsk.no\/wp-content\/uploads\/2019\/08\/tn_SAM_0984.jpg 1000w, https:\/\/dengodehyrde.katolsk.no\/wp-content\/uploads\/2019\/08\/tn_SAM_0984-300x225.jpg 300w, https:\/\/dengodehyrde.katolsk.no\/wp-content\/uploads\/2019\/08\/tn_SAM_0984-768x576.jpg 768w, https:\/\/dengodehyrde.katolsk.no\/wp-content\/uploads\/2019\/08\/tn_SAM_0984-400x300.jpg 400w\" sizes=\"auto, (max-width: 1000px) 100vw, 1000px\" \/><\/figure>\n\n\n\n<p><strong>Historien bak katekesen<\/strong><\/p>\n\n\n\n<p>Den italienske, katolske bibelforskeren Sophia Cavalletti &nbsp;utarbeidet Den gode hyrde \u2013 katekesen (DGHK) i\nsamarbeid med Montesorri-l\u00e6rer Gianna Gobbi da de sammen startet \u00e5 undervise barn\ni Kirkens tro i 1954 i Roma. Katekesen er bygget opp p\u00e5 Maria Montessorris\npedagogiske metode. Hun var selv katolsk. Katekesen ble i utgangspunktet\nutarbeidet for barn fra 3-12 \u00e5r, men nylig er den blitt utviklet videre ogs\u00e5\nfor 0-3 \u00e5r.<\/p>\n\n\n\n<p>Katekesen gir en veldig god forberedelse til mottakelse av\ndisse sakramentene:Skriftem\u00e5let, kommunion og fermingen (konfirmasjonen).<\/p>\n\n\n\n<p>Katekesen er i dag spredt omkring i mange land i hele\nverden. Mor Teresa-s\u00f8strene over hele verden driver ogs\u00e5 med denne katekesen. I\nSt Paul menighet startet denne katekesen h\u00f8sten 2012 i samarbeid med Mor\nTeresa-s\u00f8strene. <\/p>\n\n\n\n<p>Mer informasjon om Den gode hyrde katekese :<a href=\"http:\/\/www.cgsusa.org\">www.cgsusa.org<\/a><\/p>\n\n\n\n<p><br><\/p>\n\n\n\n<p><strong>Katekesesamlingen<\/strong><\/p>\n\n\n\n<p>Barna m\u00f8ter i grupper annenhver uke, og samlingen varer i ca 2 timer.<\/p>\n\n\n\n<p>P\u00e5 gruppene er det vanligvis  10-15 barn.<\/p>\n\n\n\n<figure class=\"wp-block-image\"><img loading=\"lazy\" decoding=\"async\" width=\"1000\" height=\"750\" src=\"https:\/\/dengodehyrde.katolsk.no\/wp-content\/uploads\/2019\/08\/tn_The-altar-2.jpg\" alt=\"\" class=\"wp-image-93\" srcset=\"https:\/\/dengodehyrde.katolsk.no\/wp-content\/uploads\/2019\/08\/tn_The-altar-2.jpg 1000w, https:\/\/dengodehyrde.katolsk.no\/wp-content\/uploads\/2019\/08\/tn_The-altar-2-300x225.jpg 300w, https:\/\/dengodehyrde.katolsk.no\/wp-content\/uploads\/2019\/08\/tn_The-altar-2-768x576.jpg 768w, https:\/\/dengodehyrde.katolsk.no\/wp-content\/uploads\/2019\/08\/tn_The-altar-2-400x300.jpg 400w\" sizes=\"auto, (max-width: 1000px) 100vw, 1000px\" \/><\/figure>\n\n\n\n<figure class=\"wp-block-image\"><img loading=\"lazy\" decoding=\"async\" width=\"1000\" height=\"667\" src=\"https:\/\/dengodehyrde.katolsk.no\/wp-content\/uploads\/2019\/08\/tn_Den-gode-hyrde.jpg\" alt=\"\" class=\"wp-image-91\" srcset=\"https:\/\/dengodehyrde.katolsk.no\/wp-content\/uploads\/2019\/08\/tn_Den-gode-hyrde.jpg 1000w, https:\/\/dengodehyrde.katolsk.no\/wp-content\/uploads\/2019\/08\/tn_Den-gode-hyrde-300x200.jpg 300w, https:\/\/dengodehyrde.katolsk.no\/wp-content\/uploads\/2019\/08\/tn_Den-gode-hyrde-768x512.jpg 768w, https:\/\/dengodehyrde.katolsk.no\/wp-content\/uploads\/2019\/08\/tn_Den-gode-hyrde-450x300.jpg 450w\" sizes=\"auto, (max-width: 1000px) 100vw, 1000px\" \/><\/figure>\n\n\n\n<figure class=\"wp-block-image\"><img loading=\"lazy\" decoding=\"async\" width=\"1024\" height=\"768\" src=\"https:\/\/dengodehyrde.katolsk.no\/wp-content\/uploads\/2020\/07\/Overview-1-1024x768.jpg\" alt=\"\" class=\"wp-image-106\" srcset=\"https:\/\/dengodehyrde.katolsk.no\/wp-content\/uploads\/2020\/07\/Overview-1-1024x768.jpg 1024w, https:\/\/dengodehyrde.katolsk.no\/wp-content\/uploads\/2020\/07\/Overview-1-300x225.jpg 300w, https:\/\/dengodehyrde.katolsk.no\/wp-content\/uploads\/2020\/07\/Overview-1-768x576.jpg 768w, https:\/\/dengodehyrde.katolsk.no\/wp-content\/uploads\/2020\/07\/Overview-1-400x300.jpg 400w\" sizes=\"auto, (max-width: 1024px) 100vw, 1024px\" \/><\/figure>\n\n\n\n<figure class=\"wp-block-image\"><img loading=\"lazy\" decoding=\"async\" width=\"1024\" height=\"768\" src=\"https:\/\/dengodehyrde.katolsk.no\/wp-content\/uploads\/2020\/07\/Overview-3-1024x768.jpg\" alt=\"\" class=\"wp-image-107\" srcset=\"https:\/\/dengodehyrde.katolsk.no\/wp-content\/uploads\/2020\/07\/Overview-3-1024x768.jpg 1024w, https:\/\/dengodehyrde.katolsk.no\/wp-content\/uploads\/2020\/07\/Overview-3-300x225.jpg 300w, https:\/\/dengodehyrde.katolsk.no\/wp-content\/uploads\/2020\/07\/Overview-3-768x576.jpg 768w, https:\/\/dengodehyrde.katolsk.no\/wp-content\/uploads\/2020\/07\/Overview-3-400x300.jpg 400w\" sizes=\"auto, (max-width: 1024px) 100vw, 1024px\" \/><\/figure>\n\n\n\n<figure class=\"wp-block-image\"><img loading=\"lazy\" decoding=\"async\" width=\"1024\" height=\"768\" src=\"https:\/\/dengodehyrde.katolsk.no\/wp-content\/uploads\/2020\/07\/Altar-area-1024x768.jpg\" alt=\"\" class=\"wp-image-108\" srcset=\"https:\/\/dengodehyrde.katolsk.no\/wp-content\/uploads\/2020\/07\/Altar-area-1024x768.jpg 1024w, https:\/\/dengodehyrde.katolsk.no\/wp-content\/uploads\/2020\/07\/Altar-area-300x225.jpg 300w, https:\/\/dengodehyrde.katolsk.no\/wp-content\/uploads\/2020\/07\/Altar-area-768x576.jpg 768w, https:\/\/dengodehyrde.katolsk.no\/wp-content\/uploads\/2020\/07\/Altar-area-400x300.jpg 400w\" sizes=\"auto, (max-width: 1024px) 100vw, 1024px\" \/><\/figure>\n\n\n\n<figure class=\"wp-block-image\"><img loading=\"lazy\" decoding=\"async\" width=\"1024\" height=\"768\" src=\"https:\/\/dengodehyrde.katolsk.no\/wp-content\/uploads\/2020\/07\/Practical-life-area-1024x768.jpg\" alt=\"\" class=\"wp-image-109\" srcset=\"https:\/\/dengodehyrde.katolsk.no\/wp-content\/uploads\/2020\/07\/Practical-life-area-1024x768.jpg 1024w, https:\/\/dengodehyrde.katolsk.no\/wp-content\/uploads\/2020\/07\/Practical-life-area-300x225.jpg 300w, https:\/\/dengodehyrde.katolsk.no\/wp-content\/uploads\/2020\/07\/Practical-life-area-768x576.jpg 768w, https:\/\/dengodehyrde.katolsk.no\/wp-content\/uploads\/2020\/07\/Practical-life-area-400x300.jpg 400w\" sizes=\"auto, (max-width: 1024px) 100vw, 1024px\" \/><\/figure>\n\n\n\n<p>Bildene over er fra atriet i St Paul menighet i Nylandsveien 26<\/p>\n","protected":false},"excerpt":{"rendered":"<p>Hva kjennetegner Den gode hyrde-katekesen? M\u00e5let for denne katekesen er \u00e5 hjelpe barna til selv \u00e5 komme n\u00e6rmere Gud. Barna f\u00e5r n\u00e6rme seg troens mysterier i sitt eget tempo. De f\u00e5r presentert emner fra Bibelen og liturgien ved hjelp av &hellip; <a href=\"https:\/\/dengodehyrde.katolsk.no\/index.php\/om-oss\/\">Les videre <span class=\"meta-nav\">&rarr;<\/span><\/a><\/p>\n","protected":false},"author":2,"featured_media":0,"parent":0,"menu_order":0,"comment_status":"closed","ping_status":"open","template":"","meta":{"footnotes":""},"class_list":["post-10","page","type-page","status-publish","hentry"],"_links":{"self":[{"href":"https:\/\/dengodehyrde.katolsk.no\/index.php\/wp-json\/wp\/v2\/pages\/10","targetHints":{"allow":["GET"]}}],"collection":[{"href":"https:\/\/dengodehyrde.katolsk.no\/index.php\/wp-json\/wp\/v2\/pages"}],"about":[{"href":"https:\/\/dengodehyrde.katolsk.no\/index.php\/wp-json\/wp\/v2\/types\/page"}],"author":[{"embeddable":true,"href":"https:\/\/dengodehyrde.katolsk.no\/index.php\/wp-json\/wp\/v2\/users\/2"}],"replies":[{"embeddable":true,"href":"https:\/\/dengodehyrde.katolsk.no\/index.php\/wp-json\/wp\/v2\/comments?post=10"}],"version-history":[{"count":9,"href":"https:\/\/dengodehyrde.katolsk.no\/index.php\/wp-json\/wp\/v2\/pages\/10\/revisions"}],"predecessor-version":[{"id":110,"href":"https:\/\/dengodehyrde.katolsk.no\/index.php\/wp-json\/wp\/v2\/pages\/10\/revisions\/110"}],"wp:attachment":[{"href":"https:\/\/dengodehyrde.katolsk.no\/index.php\/wp-json\/wp\/v2\/media?parent=10"}],"curies":[{"name":"wp","href":"https:\/\/api.w.org\/{rel}","templated":true}]}}